{"version":"1.0","provider_name":"Balneum - a f\u00fcrd\u0151szab\u00f3","provider_url":"https:\/\/balneum.cafeblog.hu","author_name":"F\u00fcrd\u0151 Szab\u00f3","author_url":"https:\/\/balneum.cafeblog.hu\/author\/furdoszabokgmail-com\/","title":"Ember tervez...","html":"McMenemy M\u00e1rk hirdette ki janu\u00e1r 23-\u00e1n a f\u00fcrd\u0151szoba tervez\u0151 versenyt, amin b\u00e1rki indulhat - \u00e9s tervezhet f\u00fcrd\u0151szob\u00e1t. A szalonmegnyit\u00f3n ny\u00fczs\u00f6gtek a lakber \u00fajs\u00e1gok f\u0151szerkeszt\u0151i, a lekberendez\u0151k, bels\u0151\u00e9p\u00edt\u00e9szek, amikor elhangzott a kett\u0151s verseny. A designerek sz\u00e1m\u00e1ra ugyanis egyel n\u0151tt a t\u00e9t \u00e9s a feladat neh\u00e9zs\u00e9ge is...\r\n\r\n<!--more-->\r\n\r\n<a href=\"https:\/\/balneum.cafeblog.hu\/files\/2014\/01\/Verseny.jpg\"><img class=\"alignright size-medium wp-image-121\" alt=\"Verseny\" src=\"https:\/\/balneum.cafeblog.hu\/files\/2014\/01\/Verseny-264x300.jpg\" width=\"264\" height=\"300\" \/><\/a>A versenyki\u00edr\u00e1s szerint ugyanis <strong>a profik egy meghat\u00e1rozott alaprajzra kell, hogy f\u00fcrd\u0151szob\u00e1t tervezzenek<\/strong> egy 4 f\u0151s csal\u00e1dnak (apa, anya 30-40, 2 gyerek 10 alatti), s\u0151t m\u00e9g a leggyakrabban elhangz\u00f3 elv\u00e1r\u00e1sokat is megadt\u00e1k:\r\n<ul>\r\n\t<li>Dupla mosd\u00f3<\/li>\r\n\t<li>Nagy m\u00e9ret\u0171 k\u00e1d<\/li>\r\n\t<li>\u00c9p\u00edtett zuhanyz\u00f3<\/li>\r\n\t<li>WC<\/li>\r\n\t<li>Szekr\u00e9ny(ek)<\/li>\r\n<\/ul>\r\n<strong>Kiemelten fontos:<\/strong>\r\n<ul>\r\n\t<li>K\u00e9nyelmes, szell\u0151s elrendez\u00e9s<\/li>\r\n\t<li>Extra pakol\u00f3fel\u00fcletek<\/li>\r\n\t<li>Egyedi elrendez\u00e9s<\/li>\r\n\t<li>Modern design<\/li>\r\n\t<li>K\u00f6nnyen tiszt\u00e1ntarthat\u00f3<\/li>\r\n<\/ul>\r\n<strong>A nem profik<\/strong> (az imhaus megfogalmaz\u00e1s szerint \"m\u0171kedvel\u0151k\") pedig el\u00e9g, ha<strong> a saj\u00e1t f\u00fcrd\u0151szob\u00e1jukat<\/strong> \u00e1lmodj\u00e1k \u00fajra, \u00e9s ennek a terveit t\u00f6ltik fel a Facebook-os j\u00e1t\u00e9kba. Akik a CAD alap\u00fa tervez\u0151 szoftverekkel nem iagz\u00e1n vannak j\u00f3ban, vagy csak ez\u00e9rt nem akarj\u00e1k megtanulni, pedig a ment\u0151\u00f6v: egyeztetett id\u0151pontban az imhaus szalonj\u00e1ban is megterveztethetik az ott dolgoz\u00f3 szak\u00e9rt\u0151vel. \u00cdgy nem marad ki az sem a j\u00e1t\u00e9kb\u00f3l, aki nem gyakorlott a 3D tervez\u00e9sben.\r\n<h3>A nyerem\u00e9nyek sem rosszak:<\/h3>\r\n<ul>\r\n\t<li>A lakberendez\u0151k bemutatkoz\u00e1si lehet\u0151s\u00e9get kapnak a Lak\u00e1skult\u00far\u00e1ban (valljuk be, ez sokunk \u00e1lma).<\/li>\r\n\t<li>A \"m\u0171kedvel\u0151k\" (egye fene, legyen ez a neve az amat\u0151rnek) pedig v\u00e1s\u00e1rl\u00e1si utalv\u00e1nyt nyerhetnek.<\/li>\r\n<\/ul>\r\nAz <a href=\"https:\/\/www.facebook.com\/imhaus.budaors\/app_276686432417366\" target=\"_blank\">imhaus f\u00fcrd\u0151szoba tervez\u0151 j\u00e1t\u00e9k<\/a> itt \u00e9rhet\u0151 el:\u00a0<a href=\"https:\/\/www.facebook.com\/imhaus.budaors\/app_276686432417366\" target=\"_blank\">https:\/\/www.facebook.com\/imhaus.budaors\/app_276686432417366<\/a>\r\n\r\nA verseny r\u00e9szletes le\u00edr\u00e1sa pedig itt:\u00a0<a href=\"http:\/\/imhaus.hu\/index.php\/tippek-es-inspiraciok\/34-furdoszoba-tervezo-verseny\" target=\"_blank\">http:\/\/imhaus.hu\/index.php\/tippek-es-inspiraciok\/34-furdoszoba-tervezo-verseny<\/a>","type":"rich","thumbnail_url":"https:\/\/balneum.cafeblog.hu\/files\/2014\/01\/MG_9977-150x150.jpeg","thumbnail_width":150,"thumbnail_height":150}