{"version":"1.0","provider_name":"Balneum - a f\u00fcrd\u0151szab\u00f3","provider_url":"https:\/\/balneum.cafeblog.hu","author_name":"F\u00fcrd\u0151 Szab\u00f3","author_url":"https:\/\/balneum.cafeblog.hu\/author\/furdoszabokgmail-com\/","title":"Minden\u00fctt feh\u00e9r a f\u00fcrd\u0151szob\u00e1ban?","html":"A k\u00e9rd\u00e9s adott: nem t\u00fal unalmas?\u00a0J\u00f3 ideje m\u00e1r, hogy alig l\u00e1tok csupa feh\u00e9r tereket, pedig b\u00e1rmennyire is unalmasnak t\u0171nik, ez az az alap sz\u00edn, amib\u0151l szinte b\u00e1rmit ki lehet hozni, \u00e9s ami a legjobb, k\u00f6nnyen lehet v\u00e1ltoztatni rajta.\u00a0<!--more-->\r\n\r\nR\u00f6gt\u00f6n kezdhetj\u00fck p\u00e9ld\u00e1ul a burkolattal, ami ugyan \u00e1lland\u00f3, de ha egy kis melegs\u00e9gre v\u00e1gyunk, (m\u00e9gis a h\u00f3feh\u00e9r a favorit), fa hat\u00e1s\u00fa k\u0151 vagy a \u201ed\u00edszf\u00fcrd\u0151szob\u00e1t\u201d tart\u00f3knak az igazi fa padl\u00f3 ide\u00e1lis megold\u00e1st ny\u00fajt. Mell\u00e9 pedig elmaradhatatlan az \u00e9l\u0151 n\u00f6v\u00e9ny\/ friss vir\u00e1gcsokor.\r\n\r\n<a href=\"https:\/\/balneum.cafeblog.hu\/files\/2014\/03\/minden\u00fcttfeh\u00e9r.jpg\"><img class=\"aligncenter size-full wp-image-255\" src=\"https:\/\/balneum.cafeblog.hu\/files\/2014\/03\/minden\u00fcttfeh\u00e9r.jpg\" alt=\"k\u00e1d \u00e9s mosd\u00f3\" width=\"2048\" height=\"1536\" \/><\/a>\r\n\r\nEzen k\u00edv\u00fcl rengeteg sz\u00ednes \u00e9s \u00f6tletes megold\u00e1s van az \u00fczletekben, amit megvehet\u00fcnk vagy ak\u00e1r kreat\u00edv sz\u00f6sszenet, amit otthon elk\u00e9sz\u00edthet\u00fcnk.\r\n\r\nLegegyszer\u0171bbek k\u00f6z\u00fcl p\u00e1r:\r\n<ul>\r\n\t<li>kil\u00e9p\u0151 sz\u0151nyeg<\/li>\r\n\t<li>f\u00fcgg\u00f6ny\/rolo<\/li>\r\n\t<li>t\u00e1rol\u00f3 dobozok, kosarak<\/li>\r\n\t<li>zuhanyf\u00fcgg\u00f6ny<\/li>\r\n\t<li>k\u00e9pek<\/li>\r\n<\/ul>\r\n<a href=\"https:\/\/balneum.cafeblog.hu\/files\/2014\/03\/minden\u00fcttfeh\u00e9r1.jpg\"><img class=\"aligncenter size-full wp-image-256\" src=\"https:\/\/balneum.cafeblog.hu\/files\/2014\/03\/minden\u00fcttfeh\u00e9r1.jpg\" alt=\"sz\u0151nyeg, lampion\" width=\"2048\" height=\"1536\" \/><\/a>\r\n\r\n&nbsp;\r\n\r\nMindezek lecser\u00e9l\u00e9s\u00e9vel vid\u00e1ms\u00e1got \u00e9s \u00e9vaszknak megfelel\u0151 hangulatot hoztahtunk a f\u00fcrd\u0151szob\u00e1nkba. Ha van gyerk\u0151c a h\u00e1zn\u00e1l, ak\u00e1r a folyton meg\u00faj\u00fal\u00f3 rajzhalmaznak is lehet tal\u00e1lni helyet a f\u00fcrd\u0151ben, ha m\u00e1r a h\u0171t\u0151n nem f\u00e9r el t\u00f6bb\u2026:) \u00c9s ha m\u00e1r a gyerekekn\u00e9l tartunk, m\u00f3k\u00e1s t\u00f6r\u00fclk\u00f6z\u0151 feliratokat, matric\u00e1kat, k\u00e9peket b\u00e1rmikor cser\u00e9lgethet\u00fcnk.\r\n\r\n<a href=\"https:\/\/balneum.cafeblog.hu\/files\/2014\/03\/minden\u00fcttfeh\u00e9r2.jpg\"><img class=\"aligncenter size-full wp-image-257\" src=\"https:\/\/balneum.cafeblog.hu\/files\/2014\/03\/minden\u00fcttfeh\u00e9r2.jpg\" alt=\"gyerek\" width=\"2048\" height=\"1536\" \/><\/a>\r\n\r\n&nbsp;\r\n\r\nHa pedig valaki irt\u00f3zik a t\u00fal hars\u00e1ny sz\u00ednekt\u0151l, nincs gyerek \u00e9s a f\u00fcrd\u0151szoba kifejezetten a nyugalom \u00e9s a relax\u00e1ci\u00f3 sz\u00edntere, erre is van p\u00e1r \u00f6tletem\u2026\r\n\r\n<a href=\"https:\/\/balneum.cafeblog.hu\/files\/2014\/03\/minden\u00fcttfeh\u00e9r3.jpg\"><img class=\"aligncenter size-full wp-image-258\" src=\"https:\/\/balneum.cafeblog.hu\/files\/2014\/03\/minden\u00fcttfeh\u00e9r3.jpg\" alt=\"lila\" width=\"2048\" height=\"1536\" \/><\/a>\r\n\r\n&nbsp;\r\n\r\n<a href=\"https:\/\/balneum.cafeblog.hu\/files\/2014\/03\/minden\u00fcttfeh\u00e9r4.jpg\"><img class=\"aligncenter size-full wp-image-259\" src=\"https:\/\/balneum.cafeblog.hu\/files\/2014\/03\/minden\u00fcttfeh\u00e9r4.jpg\" alt=\"kell\u00e9kek\" width=\"2048\" height=\"1536\" \/><\/a>\r\n\r\n&nbsp;\r\n<h2>N\u00e1lad milyen sz\u00edn\u0171 a f\u00fcrd\u0151szoba?<\/h2>\r\n&nbsp;\r\n<div id=\"fb-root\"><\/div>\r\n&nbsp;\r\n<div class=\"fb-comments\"><\/div>","type":"rich","thumbnail_url":"https:\/\/balneum.cafeblog.hu\/files\/2014\/03\/minden\u00fcttfeh\u00e9r-150x150.jpg","thumbnail_width":150,"thumbnail_height":150}