{"version":"1.0","provider_name":"Balneum - a f\u00fcrd\u0151szab\u00f3","provider_url":"https:\/\/balneum.cafeblog.hu","author_name":"F\u00fcrd\u0151 Szab\u00f3","author_url":"https:\/\/balneum.cafeblog.hu\/author\/furdoszabokgmail-com\/","title":"Hangulatok","html":"Nagyon fontos egy f\u00fcrd\u0151szoba eset\u00e9ben milyen sz\u00edneket haszn\u00e1ltok. Mint azt m\u00e1r sokszor mondtam, a feh\u00e9r nagyon j\u00f3 kiindul\u00f3 pont, mert azt sokf\u00e9le ir\u00e1nyba el lehet vinni, \u00e9ppen milyen hangulatotok is van. :)\r\n\r\n<!--more-->\r\n\r\n<a href=\"https:\/\/balneum.cafeblog.hu\/files\/2014\/10\/f226af76a480eea87653e480c4706103.jpg\"><img class=\"aligncenter size-full wp-image-603\" src=\"https:\/\/balneum.cafeblog.hu\/files\/2014\/10\/f226af76a480eea87653e480c4706103.jpg\" alt=\"f226af76a480eea87653e480c4706103\" width=\"492\" height=\"640\" \/><\/a>\r\n\r\nAzt\u00e1n persze j\u00f6nnek az \u00e9vszakok v\u00e1ltakoz\u00e1sai, ami szint\u00e9n befoly\u00e1solja a kedv\u00fcnket, \u00edgy az \u00e9ppen aktu\u00e1lis term\u00e9szeti elemeket be lehet csemp\u00e9szni a f\u00fcrd\u0151szoba vil\u00e1g\u00e1ba is.\r\n\r\nIm\u00e1dom a moodboardokat, mind gy\u00e1rtani \u00e9s mind n\u00e9zegetni is, sz\u00f3val most hoztam nektek p\u00e1rat, hogy \u00e9rezz\u00e9tek milyen sz\u00edneket, anyagokat mivel tudtok (\u00e9s \u00e9rdemes) \u00f6sszep\u00e1ros\u00edtani.\r\n\r\nEl\u0151sz\u00f6r a leg\u00e1ltal\u00e1nosabb, \u00e9s megrendel\u0151k sz\u00e1m\u00e1ra legink\u00e1bb kedvelt homok \u00e1rnyalatokat gy\u0171jt\u00f6ttem \u00f6ssze. Ezekb\u0151l is vannak a hidegebb, k\u00e9kes vil\u00e1g fel\u00e9 hajl\u00f3ak, de f\u0151k\u00e9pp a meleg hat\u00e1s domin\u00e1l.\r\n\r\n<a href=\"https:\/\/balneum.cafeblog.hu\/files\/2014\/10\/02.jpg\"><img class=\"aligncenter size-full wp-image-602\" src=\"https:\/\/balneum.cafeblog.hu\/files\/2014\/10\/02.jpg\" alt=\"02\" width=\"752\" height=\"872\" \/><\/a>\r\n\r\nR\u00f6gt\u00f6n be is durvulhatunk a sz\u00ednekkel. B\u00e1trak\u00e9 a szerencse, \u00edgy tartja a mond\u00e1s. H\u00e1t l\u00e1ssuk! :D\r\n\r\n<a href=\"https:\/\/balneum.cafeblog.hu\/files\/2014\/10\/03.jpg\"><img class=\"aligncenter size-full wp-image-601\" src=\"https:\/\/balneum.cafeblog.hu\/files\/2014\/10\/03.jpg\" alt=\"03\" width=\"858\" height=\"797\" \/><\/a>\r\n\r\nEleg\u00e1ns, csillog\u00f3, glamour hangulat kedvel\u0151inek:\r\n\r\n<a href=\"https:\/\/balneum.cafeblog.hu\/files\/2014\/10\/04.jpg\"><img class=\"aligncenter size-full wp-image-600\" src=\"https:\/\/balneum.cafeblog.hu\/files\/2014\/10\/04.jpg\" alt=\"04\" width=\"843\" height=\"681\" \/><\/a>\r\n\r\n\u00c9s a kontrasztos, matt sz\u00ednek. Fekete, piros stb.. Egy\u00e9bk\u00e9nt b\u00e1rmennyire is furcsa ezek mind lehetnek meleg hat\u00e1s\u00faak a megfelel\u0151 textilek haszn\u00e1lat\u00e1val (mennyis\u00e9g\u00e9vel).\r\n\r\nEgy glamour f\u00fcrd\u0151ben p\u00e9ld\u00e1ul a sok pihe-puha feh\u00e9r t\u00f6r\u00f6lk\u00f6z\u0151vel kell\u0151 hat\u00e1st \u00e9rhettek el, a fekete eset\u00e9ben pedig a sok matt hat\u00e1s, pamutok, z\u00f6ld n\u00f6v\u00e9nyek, feket\u00e9n\u00e9l pedig egy-egy karakteres sz\u00edn bevon\u00e1sa.\r\n\r\nEl\u0151sz\u00f6r egy korom fekete. Itt az \u00e1ll\u00f3l\u00e1mpa, sz\u0151nyeg \u00e9s a kandall\u00f3 adj\u00e1k a puhas\u00e1got.\r\n\r\n<a href=\"https:\/\/balneum.cafeblog.hu\/files\/2014\/10\/05.jpg\"><img class=\"aligncenter size-full wp-image-599\" src=\"https:\/\/balneum.cafeblog.hu\/files\/2014\/10\/05.jpg\" alt=\"05\" width=\"978\" height=\"812\" \/><\/a>\r\n\r\nItt pedig a narancsos piros \u00e1rnyalatok, sz\u0151nyeg \u00e9s a k\u00e9pek \u00e9rik el a finom \u00e9rzetet a szem\u00fcnknek.\r\n\r\n<a href=\"https:\/\/balneum.cafeblog.hu\/files\/2014\/10\/06.jpg\"><img class=\"aligncenter size-full wp-image-598\" src=\"https:\/\/balneum.cafeblog.hu\/files\/2014\/10\/06.jpg\" alt=\"06\" width=\"922\" height=\"767\" \/><\/a>\r\n\r\nEgy babavil\u00e1g az \u00e1lmodoz\u00f3 lelk\u00fclet\u0171eknek. ;)\r\n\r\n<a href=\"https:\/\/balneum.cafeblog.hu\/files\/2014\/10\/07.jpg\"><img class=\"aligncenter size-full wp-image-597\" src=\"https:\/\/balneum.cafeblog.hu\/files\/2014\/10\/07.jpg\" alt=\"07\" width=\"630\" height=\"510\" \/><\/a>\r\n\r\nV\u00e9g\u00fcl pedig a nyugalom szigete. Zen f\u00fcrd\u0151 sok f\u00e1val \u00e9s term\u00e9szetes anyagokkal.\r\n\r\n<a href=\"https:\/\/balneum.cafeblog.hu\/files\/2014\/10\/08.jpg\"><img class=\"aligncenter size-full wp-image-596\" src=\"https:\/\/balneum.cafeblog.hu\/files\/2014\/10\/08.jpg\" alt=\"08\" width=\"982\" height=\"738\" \/><\/a>","type":"rich","thumbnail_url":"https:\/\/balneum.cafeblog.hu\/files\/2014\/10\/f226af76a480eea87653e480c4706103-150x150.jpg","thumbnail_width":150,"thumbnail_height":150}