{"version":"1.0","provider_name":"Balneum - a f\u00fcrd\u0151szab\u00f3","provider_url":"https:\/\/balneum.cafeblog.hu","author_name":"F\u00fcrd\u0151 Szab\u00f3","author_url":"https:\/\/balneum.cafeblog.hu\/author\/furdoszabokgmail-com\/","title":"DIY- Do it yourself","html":"A lak\u00e1s minden ter\u00fclet\u00e9n nagy divat a \u201ecsin\u00e1ld magad\u201d otthoni bark\u00e1csol\u00e1s. Ez al\u00f3l a f\u00fcrd\u0151szoba sem kiv\u00e9tel, \u00edgy arra gondoltam mi\u00e9rt is ne gy\u0171jten\u00e9k egy csom\u00f3 okos dolgot Nektek t\u00e9lire. Eg\u00e9sz pontosan 5\u00f6t. F\u0151leg az\u00e9rt most, mert amint kicsit leh\u0171l kint a leveg\u0151 sokkal t\u00f6bb id\u0151t t\u00f6lt\u00fcnk a p\u00e1r\u00e1s, meleg, habos f\u00fcrd\u0151szob\u00e1ban. :)\r\n\r\n<!--more-->\r\n\r\n<a href=\"https:\/\/balneum.cafeblog.hu\/files\/2014\/11\/01.jpg\"><img class=\"aligncenter size-full wp-image-637\" src=\"https:\/\/balneum.cafeblog.hu\/files\/2014\/11\/01.jpg\" alt=\"01\" width=\"430\" height=\"629\" \/><\/a><strong>1.) Fest\u00e9s<\/strong>\r\n\r\n\u00c9rdemes egy egyszer\u0171 fest\u00e9ssel kezdeni mindent. Ilyenkor felfriss\u00fcl az eg\u00e9sz helyis\u00e9g \u00e9s olyan sz\u00ednben pomp\u00e1zik majd, amit Ti akartok. Manaps\u00e1g egyre kevesebb csemp\u00e9t haszn\u00e1lunk a f\u00fcrd\u0151szob\u00e1kba, hogy m\u00e9g otthonosabb legyen, sz\u00f3val fest\u00e9k v\u00e1s\u00e1rl\u00e1sn\u00e1l a moshat\u00f3, tart\u00f3s verzi\u00f3t v\u00e1lassz\u00e1tok m\u00e9g akkor is, ha ez kicsit dr\u00e1g\u00e1bb.\r\n\r\n<a href=\"https:\/\/balneum.cafeblog.hu\/files\/2014\/11\/1b6710c2e4c76c90fbb3a92cf5590c3a.jpg\"><img class=\"aligncenter size-full wp-image-638\" src=\"https:\/\/balneum.cafeblog.hu\/files\/2014\/11\/1b6710c2e4c76c90fbb3a92cf5590c3a.jpg\" alt=\"1b6710c2e4c76c90fbb3a92cf5590c3a\" width=\"550\" height=\"440\" \/><\/a><strong>2.) T\u00e1rol\u00e1s<\/strong>\r\n\r\nT\u00e1rol\u00f3 helyb\u0151l sosem el\u00e9g, ez t\u00e9ny. Innen-onnan megmaradt rekeszek, gy\u00fcm\u00f6lcs\u00f6s l\u00e1d\u00e1k, fi\u00f3kok, kosarak remek szolg\u00e1latot tesznek majd, mint t\u00e1rol\u00f3 elemek. \u00c9rdemes ezeket fel\u00fcletkezelni, f\u0151leg a p\u00e1ra \u00e9s nem mellesleg a design miatt. Egym\u00e1ssal val\u00f3 \u00f6sszeszerel\u00e9s\u00fck \u00e9s a falra felf\u00far\u00e1s kamp\u00f3 vagy b\u00e1rmilyen egyszer\u0171 bark\u00e1cs megold\u00e1ssal pedig m\u00e1r gyerekj\u00e1t\u00e9k :)\r\n\r\n<a href=\"https:\/\/balneum.cafeblog.hu\/files\/2014\/11\/03.jpg\"><img class=\"aligncenter size-full wp-image-639\" src=\"https:\/\/balneum.cafeblog.hu\/files\/2014\/11\/03.jpg\" alt=\"03\" width=\"636\" height=\"1009\" \/><\/a><strong>3.) Felc\u00edmk\u00e9zve<\/strong>\r\n\r\nA rengeteg kozmetikai cucc k\u00f6z\u00f6tt nem csoda, ha nem igazodik ki az ember, f\u0151leg ha t\u00f6bb n\u0151 is \u00e9l egy h\u00e1ztart\u00e1sban. Miel\u0151tt m\u00e9g minden \u00f6sszekeveredne, lekopna a felirat r\u00f3la stb. Szerezzetek be k\u00fcl\u00f6nb\u00f6z\u0151 m\u00e9ret\u0171 matric\u00e1kat hobbi boltokb\u00f3l vagy egyszer\u0171 pap\u00edr \u00edr\u00f3szeresb\u0151l \u00e9s matric\u00e1zzatok fel mindent!\r\n\r\n<a href=\"https:\/\/balneum.cafeblog.hu\/files\/2014\/11\/04.jpg\"><img class=\"aligncenter size-full wp-image-640\" src=\"https:\/\/balneum.cafeblog.hu\/files\/2014\/11\/04.jpg\" alt=\"04\" width=\"300\" height=\"357\" \/><\/a><strong>4.) Tap\u00e9ta<\/strong>\r\n\r\nMint\u00e1kat, sz\u00edneket mindenhova! Mindig azt mondom, legyetek b\u00e1trak \u00e9s ha valami tetszik azt meg kell val\u00f3s\u00edtani. Mi\u00e9rt is ne lehetne p\u00e9ld\u00e1ul az unalmas feh\u00e9r mennyezet helyett egy izgalmas tap\u00e9ta a falon?! F\u0151leg a k\u00e1dban elny\u00fal\u00e1skor, amikor a plafonra meredve engedj\u00fck ki a napi fesz\u00fclts\u00e9get\u2026\u00c9n megfontoln\u00e1m ;)\r\n\r\n<a href=\"https:\/\/balneum.cafeblog.hu\/files\/2014\/11\/05.jpg\"><img class=\"aligncenter size-full wp-image-641\" src=\"https:\/\/balneum.cafeblog.hu\/files\/2014\/11\/05.jpg\" alt=\"05\" width=\"427\" height=\"640\" \/><\/a><strong>5.) Felburkolva<\/strong>\r\n\r\nTerm\u00e9szetes anyagok? Igen! Mindenkivel el\u0151fordult m\u00e1r szerintem, hogy a fel\u00faj\u00edt\u00e1s sor\u00e1n bizonyos anyagokb\u00f3l megmaradt egy kev\u00e9s, amivel m\u00e1r nem tudtok mit kezdeni. \u00cdme, a remek lehet\u0151s\u00e9g, hogy a fa deszk\u00e1kb\u00f3l, vagy k\u00f6vekb\u0151l feldekor\u00e1lj\u00e1tok a falat vagy ak\u00e1r a k\u00e1dat.\r\n\r\n<a href=\"https:\/\/balneum.cafeblog.hu\/files\/2014\/11\/06.jpg\"><img class=\"aligncenter size-full wp-image-642\" src=\"https:\/\/balneum.cafeblog.hu\/files\/2014\/11\/06.jpg\" alt=\"06\" width=\"1066\" height=\"794\" \/><\/a>\r\n\r\n+1.\r\n\r\nA bef\u0151ttes \u00fcvegek csak \u00fagy gy\u0171lnek a h\u00e1ztart\u00e1sokban, \u00edgy \u00e9rdemes kihaszn\u00e1lni nem csak bef\u0151z\u00e9shez. Fogkefe, hajgumik, sminkes dolgok t\u00e1rol\u00e1s\u00e1hoz t\u00f6k\u00e9letes v\u00e1laszt\u00e1s. \u00c1tl\u00e1tsz\u00f3s\u00e1ga miatt semmi sem v\u00e9sz el \u00e9s szint\u00e9n fel lehet matric\u00e1zni.\r\n\r\n<a href=\"https:\/\/balneum.cafeblog.hu\/files\/2014\/11\/08.jpg\"><img class=\"aligncenter size-full wp-image-644\" src=\"https:\/\/balneum.cafeblog.hu\/files\/2014\/11\/08.jpg\" alt=\"08\" width=\"653\" height=\"749\" \/><\/a>\r\n\r\n&nbsp;","type":"rich","thumbnail_url":"https:\/\/balneum.cafeblog.hu\/files\/2014\/11\/01-150x150.jpg","thumbnail_width":150,"thumbnail_height":150}